{"id":241,"date":"2020-10-30T10:35:23","date_gmt":"2020-10-30T10:35:23","guid":{"rendered":"https:\/\/www.educacionmediatica.es\/?page_id=241"},"modified":"2022-12-19T13:17:50","modified_gmt":"2022-12-19T13:17:50","slug":"ii-congreso-de-educacion-mediatica","status":"publish","type":"page","link":"https:\/\/www.educacionmediatica.es\/index.php\/ii-congreso-de-educacion-mediatica\/","title":{"rendered":"IV Congreso de Educaci\u00f3n Medi\u00e1tica y Competencia Digital."},"content":{"rendered":"\n<p class=\"has-small-font-size\"><\/p>\n\n\n<div class=\"wp-block-image\">\n<figure class=\"aligncenter size-full is-resized\"><a href=\"https:\/\/www.educacionmediatica.es\/index.php\/como-participar\/\"><img loading=\"lazy\" decoding=\"async\" src=\"https:\/\/www.educacionmediatica.es\/wp-content\/uploads\/2022\/10\/PARTICIPAR.png\" alt=\"\" class=\"wp-image-638\" width=\"458\" height=\"320\" srcset=\"https:\/\/www.educacionmediatica.es\/wp-content\/uploads\/2022\/10\/PARTICIPAR-300x211.png 300w, https:\/\/www.educacionmediatica.es\/wp-content\/uploads\/2022\/10\/PARTICIPAR-768x539.png 768w\" sizes=\"auto, (max-width: 458px) 100vw, 458px\" \/><\/a><\/figure><\/div>\n\n\n<p class=\"has-small-font-size\"><strong>Desde el\u00a0<\/strong><a href=\"https:\/\/www.educacionmediatica.es\/index.php\/internetica\/\">Poyecto Intern\u00e9tica<\/a><strong>, en colaboraci\u00f3n con la <a href=\"https:\/\/www.educacionmediatica.es\/index.php\/599-2\/\">Catedra de Educomunicaci\u00f3n y Tecnolog\u00edas Disruptivas<\/a> y de la \u00a0<\/strong><a href=\"https:\/\/www.educacionmediatica.es\/index.php\/red-contacto\/\">Red ConTacto<\/a><strong>, presentamos una nueva edici\u00f3n del\u00a0<\/strong><mark style=\"background-color:rgba(0, 0, 0, 0)\" class=\"has-inline-color has-accent-color\">Congreso de Educaci\u00f3n Medi\u00e1tica y Competencia Digital<\/mark><strong>\u00a0con una <a href=\"https:\/\/extension.campusvirtual.uva.es\/local\/appcrue\/autologin.php?pattern=course&amp;course=9393&amp;fallback=continue\" target=\"_blank\" rel=\"noreferrer noopener\">primera fase online<\/a> desde el 13 de marzo de 2023 y encuentro presencial en Segovia (Espa\u00f1a) los d\u00edas 30 y 31<\/strong><\/p>\n\n\n\n<figure class=\"wp-block-embed is-type-video is-provider-youtube wp-block-embed-youtube wp-embed-aspect-16-9 wp-has-aspect-ratio\"><div class=\"wp-block-embed__wrapper\">\n<iframe loading=\"lazy\" title=\"IV Congreso de Educaci\u00f3n Medi\u00e1tica y Competencia Digital\" width=\"580\" height=\"326\" src=\"https:\/\/www.youtube.com\/embed\/eARW2Haadoc?feature=oembed\" frameborder=\"0\" allow=\"accelerometer; autoplay; clipboard-write; encrypted-media; gyroscope; picture-in-picture; web-share\" referrerpolicy=\"strict-origin-when-cross-origin\" allowfullscreen><\/iframe>\n<\/div><\/figure>\n\n\n\n<p>Como en <a href=\"https:\/\/educacionmediatica.wixsite.com\/educacionmediatica\">anteriores ediciones<\/a>, en este congreso tienen cabida todas las aportaciones, reflexiones e investigaciones relacionadas con las \u00e1reas de comunicaci\u00f3n y educaci\u00f3n, pero queremos en esta ocasi\u00f3n hacer hincapi\u00e9 en <strong><mark style=\"background-color:rgba(0, 0, 0, 0)\" class=\"has-inline-color has-accent-color\">propuestas y experiencias concretas de implementaci\u00f3n de la educaci\u00f3n medi\u00e1tica y la competencia digital.<\/mark><\/strong><\/p>\n\n\n\n<p>En la <a href=\"https:\/\/www.boe.es\/diario_boe\/txt.php?id=BOE-A-2020-17264\">Ley Org\u00e1nica 3\/2020, de 29 de diciembre, por la que se modifica la Ley Org\u00e1nica 2\/2006, de 3 de mayo, de Educaci\u00f3n<\/a>, se establece que <strong>la comunicaci\u00f3n audiovisual y la competencia digital<\/strong> se trabajar\u00e1n en todas las \u00e1reas de Educaci\u00f3n Primaria y todas las materias de la ESO.<\/p>\n\n\n\n<p>Al definir la competencia digital en el <a href=\"https:\/\/www.boe.es\/buscar\/act.php?id=BOE-A-2022-3296\">Real Decreto 157\/2022<\/a>, de 1 de marzo, por el que se establecen la ordenaci\u00f3n y las ense\u00f1anzas m\u00ednimas de la Educaci\u00f3n Primaria, se advierte que esta \u201c<em>incluye la alfabetizaci\u00f3n en informaci\u00f3n y datos, la comunicaci\u00f3n y la colaboraci\u00f3n, la educaci\u00f3n medi\u00e1tica, la creaci\u00f3n de contenidos digitales (incluida la programaci\u00f3n), la seguridad (incluido el bienestar digital y las competencias relacionadas con la ciberseguridad), asuntos relacionados con la ciudadan\u00eda digital, la privacidad, la propiedad intelectual, la resoluci\u00f3n de problemas y el pensamiento computacional y cr\u00edtico<\/em>\u201d.<\/p>\n\n\n\n<p>En consonancia con este nuevo enfoque, en la \u00faltima actualizaci\u00f3n del <a href=\"https:\/\/intef.es\/wp-content\/uploads\/2022\/03\/MRCDD_V06B_GTTA.pdf\">Marco de Referencia de la Competencia Digital Docente<\/a> en enero 2022, se introducen algunas modificaciones en el \u00c1rea 6 sobre el desarrollo de la competencia digital del alumnado, incluyendo la capacitaci\u00f3n docente para la \u201c<em>alfabetizaci\u00f3n medi\u00e1tica y en tratamiento de la informaci\u00f3n y de los datos<\/em>\u201d del alumnado.<\/p>\n\n\n\n<p class=\"has-accent-color has-subtle-background-background-color has-text-color has-background has-normal-font-size\" style=\"text-transform:uppercase\"><strong>\u00bf\u201dLavado de cara\u201d o \u201cbrotes verdes\u201d?<\/strong> <\/p>\n\n\n\n<p>\u00bfSe pretende de verdad superar un enfoque de competencia digital limitado a formar ciudadanos competentes en el manejo de las TIC, y proponer una formaci\u00f3n b\u00e1sica en TIC y medios que capacite a las personas paras ser cr\u00edticas, libres y responsables en la sociedad digital?<\/p>\n\n\n\n<p>Aun suponiendo que exista una verdadera voluntad de cambio en las instancias estatales, \u00bfc\u00f3mo van a asumir las comunidades aut\u00f3nomas el reto? \u00bfC\u00f3mo va a repercutir este nuevo enfoque en la formaci\u00f3n universitaria de los profesionales de la comunicaci\u00f3n y la educaci\u00f3n? \u00bfQu\u00e9 repercusiones reales va a tener en las aulas de cualquier nivel educativo?<\/p>\n\n\n\n<p>Se necesitan planes y propuestas concretas y nadie mejor que educadores y comunicadores \u201ca pie de calle\u201d para ofrecerlas. \u00a1Pasemos a la acci\u00f3n!<\/p>\n\n\n\n<p>Te pedimos que compartas en este congreso, y apliques en tu actividad profesional, tus ideas y sugerencias sobre la implementaci\u00f3n curricular de la educaci\u00f3n medi\u00e1tica y la competencia digital en cualquier nivel educativo y en la formaci\u00f3n de los profesionales de la educaci\u00f3n y la comunicaci\u00f3n.<\/p>\n\n\n\n<p class=\"has-text-align-center\"><strong><mark style=\"background-color:#dbdbdb\" class=\"has-inline-color has-accent-color\"><a href=\"https:\/\/www.educacionmediatica.es\/index.php\/como-participar\/\" data-type=\"URL\" data-id=\"https:\/\/www.educacionmediatica.es\/index.php\/como-participar\/\">\u00a1Comparte tu experiencia!, \u00a1Prepara tu propuesta y env\u00edala antes del 15 de enero!<\/a><\/mark><\/strong><\/p>\n\n\n\n<p class=\"has-text-align-center\"><strong><mark style=\"background-color:#dbdbdb\" class=\"has-inline-color has-accent-color\"><a href=\"https:\/\/extension.campusvirtual.uva.es\/local\/appcrue\/autologin.php?pattern=course&amp;course=9393&amp;fallback=continue\" target=\"_blank\" rel=\"noreferrer noopener\">Desde el 13 de marzo compartimos nuestras propuestas en la plataforma del Congreso y nos vemos despu\u00e9s en Segovia el 30 y 31 de marzo de 2023<\/a><\/mark><\/strong><\/p>\n\n\n\n<figure class=\"wp-block-image size-large\"><img loading=\"lazy\" decoding=\"async\" width=\"1024\" height=\"163\" src=\"https:\/\/www.educacionmediatica.es\/wp-content\/uploads\/2022\/08\/Logos-1024x163.png\" alt=\"\" class=\"wp-image-582\" srcset=\"https:\/\/www.educacionmediatica.es\/wp-content\/uploads\/2022\/08\/Logos-1024x163.png 1024w, https:\/\/www.educacionmediatica.es\/wp-content\/uploads\/2022\/08\/Logos-300x48.png 300w, https:\/\/www.educacionmediatica.es\/wp-content\/uploads\/2022\/08\/Logos-768x122.png 768w, https:\/\/www.educacionmediatica.es\/wp-content\/uploads\/2022\/08\/Logos.png 1164w\" sizes=\"auto, (max-width: 1024px) 100vw, 1024px\" \/><\/figure>\n","protected":false},"excerpt":{"rendered":"<p>Desde el\u00a0Poyecto Intern\u00e9tica, en colaboraci\u00f3n con la Catedra de Educomunicaci\u00f3n y Tecnolog\u00edas Disruptivas y de la \u00a0Red ConTacto, presentamos una nueva edici\u00f3n del\u00a0Congreso de Educaci\u00f3n Medi\u00e1tica y Competencia Digital\u00a0con una primera fase online desde el 13 de marzo de 2023 y encuentro presencial en Segovia (Espa\u00f1a) los d\u00edas 30 y 31 Como en anteriores ediciones, [&hellip;]<\/p>\n","protected":false},"author":4,"featured_media":0,"parent":0,"menu_order":0,"comment_status":"closed","ping_status":"closed","template":"","meta":{"footnotes":""},"class_list":["post-241","page","type-page","status-publish","hentry"],"_links":{"self":[{"href":"https:\/\/www.educacionmediatica.es\/index.php\/wp-json\/wp\/v2\/pages\/241","targetHints":{"allow":["GET"]}}],"collection":[{"href":"https:\/\/www.educacionmediatica.es\/index.php\/wp-json\/wp\/v2\/pages"}],"about":[{"href":"https:\/\/www.educacionmediatica.es\/index.php\/wp-json\/wp\/v2\/types\/page"}],"author":[{"embeddable":true,"href":"https:\/\/www.educacionmediatica.es\/index.php\/wp-json\/wp\/v2\/users\/4"}],"replies":[{"embeddable":true,"href":"https:\/\/www.educacionmediatica.es\/index.php\/wp-json\/wp\/v2\/comments?post=241"}],"version-history":[{"count":27,"href":"https:\/\/www.educacionmediatica.es\/index.php\/wp-json\/wp\/v2\/pages\/241\/revisions"}],"predecessor-version":[{"id":711,"href":"https:\/\/www.educacionmediatica.es\/index.php\/wp-json\/wp\/v2\/pages\/241\/revisions\/711"}],"wp:attachment":[{"href":"https:\/\/www.educacionmediatica.es\/index.php\/wp-json\/wp\/v2\/media?parent=241"}],"curies":[{"name":"wp","href":"https:\/\/api.w.org\/{rel}","templated":true}]}}