{"id":547,"date":"2022-07-14T08:18:57","date_gmt":"2022-07-14T08:18:57","guid":{"rendered":"https:\/\/www.educacionmediatica.es\/?page_id=547"},"modified":"2024-08-13T10:28:55","modified_gmt":"2024-08-13T10:28:55","slug":"como-participar","status":"publish","type":"page","link":"https:\/\/www.educacionmediatica.es\/index.php\/como-participar\/","title":{"rendered":"C\u00f3mo participar"},"content":{"rendered":"\n<figure class=\"wp-block-image size-full\"><img loading=\"lazy\" decoding=\"async\" width=\"860\" height=\"604\" src=\"https:\/\/www.educacionmediatica.es\/wp-content\/uploads\/2022\/10\/PARTICIPAR-1.png\" alt=\"\" class=\"wp-image-640\" srcset=\"https:\/\/www.educacionmediatica.es\/wp-content\/uploads\/2022\/10\/PARTICIPAR-1.png 860w, https:\/\/www.educacionmediatica.es\/wp-content\/uploads\/2022\/10\/PARTICIPAR-1-300x211.png 300w, https:\/\/www.educacionmediatica.es\/wp-content\/uploads\/2022\/10\/PARTICIPAR-1-768x539.png 768w\" sizes=\"auto, (max-width: 860px) 100vw, 860px\" \/><\/figure>\n\n\n\n<p>El congreso est\u00e1 abierto a todos los interesados que deseen participar simplemente para conocer las aportaciones de sus colegas, pero animamos a todos a presentar sus propuestas, comunicaciones, experiencias, etc. <\/p>\n\n\n\n<p>Pretendemos crear un espacio (online y en Segovia) de discusi\u00f3n de ideas, planes y propuestas concretas de integraci\u00f3n curricular de la educaci\u00f3n medi\u00e1tica:<\/p>\n\n\n\n<ul class=\"wp-block-list\">\n<li>En la Educaci\u00f3n Primaria, Secundaria y Bachillerato<\/li>\n\n\n\n<li>En la formaci\u00f3n inicial y permanente del profesorado<\/li>\n\n\n\n<li>En la formaci\u00f3n de los profesionales de la informaci\u00f3n y la comunicaci\u00f3n.<\/li>\n\n\n\n<li>En actividades de educaci\u00f3n no formal para la ciudadan\u00eda cr\u00edtica<\/li>\n<\/ul>\n\n\n\n<p>Adem\u00e1s de estos cuatro grandes bloques de propuestas y experiencias, se dispondr\u00e1 de espacios para presentar investigaciones y planteamientos te\u00f3ricos sobre cualquier aspecto de la educaci\u00f3n medi\u00e1tica y la competencia digital. Ser\u00e1n los propios participantes con sus aportaciones quienes determinen las l\u00edneas tem\u00e1ticas concretas de cada mesa de di\u00e1logo, e incluso la estructura del evento. En el \u00e1mbito de la competencia digital, es importante mencionar que el mundo del entretenimiento online tambi\u00e9n ha evolucionado, ofreciendo opciones como <a href=\"https:\/\/www.platincasino.es\/\">los mejores juegos de casino online<\/a>. Estos juegos, al igual que las herramientas educativas digitales, requieren de ciertas habilidades tecnol\u00f3gicas y un entendimiento de los medios digitales. La inclusi\u00f3n de este tema en las discusiones podr\u00eda proporcionar interesantes perspectivas sobre c\u00f3mo la educaci\u00f3n medi\u00e1tica y la competencia digital se aplican en diversos contextos, incluyendo el entretenimiento y el juego responsable en l\u00ednea.<\/p>\n\n\n\n<p class=\"has-text-align-center has-accent-color has-background-background-color has-text-color has-background has-normal-font-size\"><strong><a href=\"https:\/\/www.educacionmediatica.es\/index.php\/programa\/\">PROGRAMA<\/a><\/strong><\/p>\n\n\n\n<p>Tambi\u00e9n se habilitar\u00e1n tiempos y espacios tanto en la fse virtual como la presencial para otras actividades de inter\u00e9s propuestas por los asistentes.<\/p>\n\n\n\n<p><\/p>\n\n\n\n<p class=\"has-drop-cap has-accent-color has-text-color has-normal-font-size\"><strong>\u00bfQu\u00e9 quieres aportar? Env\u00edo de propuestas.<\/strong><\/p>\n\n\n\n<p><\/p>\n\n\n\n<p><\/p>\n\n\n\n<p>El <strong>1 de septiembre de 2022<\/strong> se abre el plazo de presentaci\u00f3n de propuestas que se extiende <strong>hasta el 15 de enero de 2023<\/strong>.<\/p>\n\n\n\n<p>Las contribuciones de los congresistas pueden presentarse impresas, en formato audiovisual, multimedia, etc., y estar\u00e1n disponible en la <a rel=\"noreferrer noopener\" href=\"https:\/\/extension.campusvirtual.uva.es\/course\/view.php?id=9393\" target=\"_blank\">PLAFORMA del Congreso<\/a> a partir del d\u00eda 13 de marzo, durante la fase virtual. All\u00ed podr\u00e1n consultarlas y comentarlas interviniendo en los foros todos los matriculados con el objeto de llegar a Segovia con un mayor conocimiento de los contenidos que se van a tratar y de las personas que lo presentan.<\/p>\n\n\n\n<p class=\"has-subtle-background-background-color has-background\">Como paso previo ser\u00e1 necesario <strong>enviar un resumen o descripci\u00f3n de la contribuci\u00f3n antes del 15 de enero de 2023 a <a href=\"mailto:contacto@educacionmediatica.es\">contacto@educacionmediatica.es<\/a>.<\/strong> En esta descripci\u00f3n y\/o resumen, <strong>de un m\u00e1ximo de dos p\u00e1ginas <\/strong>y seg\u00fan la plantilla que se adjunta, se explicar\u00e1 en qu\u00e9 consiste la contribuci\u00f3n que se propone. <\/p>\n\n\n\n<div class=\"wp-block-buttons is-content-justification-center is-layout-flex wp-container-core-buttons-is-layout-16018d1d wp-block-buttons-is-layout-flex\">\n<div class=\"wp-block-button has-custom-font-size\" style=\"font-size:12px\"><a class=\"wp-block-button__link wp-element-button\" href=\"https:\/\/docs.google.com\/document\/d\/1FxJGCjaQfZTYpxV_2FBxiNM9wE0AY78X\/edit?usp=sharing&amp;ouid=114294573757485071222&amp;rtpof=true&amp;sd=true\"><em>Plantilla para la descripci\u00f3n de la contribuci\u00f3n<\/em><\/a><\/div>\n<\/div>\n\n\n\n<p>Si la propuesta se considera adecuada, se requerir\u00e1 a la autor\u00eda que la presente completa antes del 10 de febrero para poder ponerla a disposici\u00f3n de todos los asistentes en la <strong>fase virtual del congreso, donde se presentar\u00e1n y discutir\u00e1n las comunicaciones.<\/strong> En el encuentro de Segovia se elaborar\u00e1n y presentar\u00e1n las conclusiones.<\/p>\n\n\n\n<p>Las aportaciones admitidas se recoger\u00e1n en una <strong>publicaci\u00f3n electr\u00f3nica multimedia<\/strong> donde podr\u00e1n incluirse vuestros textos, documentos audiovisuales y enlaces a otros disponibles en la Internet.<\/p>\n\n\n\n<p>Recordamos que en esta edici\u00f3n del congreso pretendemos recoger <strong>propuestas, experiencias y planes de actuaci\u00f3n sobre educaci\u00f3n medi\u00e1tica y competencia digital,<\/strong> aunque estamos tambi\u00e9n abiertos a trabajos te\u00f3ricos y de investigaci\u00f3n sobre estos mismos temas.<\/p>\n\n\n<div class=\"wp-block-image\">\n<figure class=\"aligncenter size-full\"><a href=\"https:\/\/funge.uva.es\/area-formacion\/educacion-mediatica-y-competencia-digital\/\" target=\"_blank\" rel=\"noreferrer noopener\"><img loading=\"lazy\" decoding=\"async\" width=\"361\" height=\"350\" src=\"https:\/\/www.educacionmediatica.es\/wp-content\/uploads\/2022\/12\/INSCRIPCION.png\" alt=\"\" class=\"wp-image-674\" srcset=\"https:\/\/www.educacionmediatica.es\/wp-content\/uploads\/2022\/12\/INSCRIPCION.png 361w, https:\/\/www.educacionmediatica.es\/wp-content\/uploads\/2022\/12\/INSCRIPCION-300x291.png 300w\" sizes=\"auto, (max-width: 361px) 100vw, 361px\" \/><\/a><\/figure><\/div>\n\n\n<figure class=\"wp-block-embed is-type-video is-provider-youtube wp-block-embed-youtube wp-embed-aspect-4-3 wp-has-aspect-ratio\"><div class=\"wp-block-embed__wrapper\">\n<iframe loading=\"lazy\" title=\"CompDigEdu, mucho m\u00e1s que &quot;cacharreu&quot;\" width=\"580\" height=\"435\" src=\"https:\/\/www.youtube.com\/embed\/CLzwzwABKTY?feature=oembed\" frameborder=\"0\" allow=\"accelerometer; autoplay; clipboard-write; encrypted-media; gyroscope; picture-in-picture; web-share\" referrerpolicy=\"strict-origin-when-cross-origin\" allowfullscreen><\/iframe>\n<\/div><\/figure>\n\n\n\n<p><\/p>\n\n\n\n<p><\/p>\n\n\n\n<figure class=\"wp-block-image size-large\"><img loading=\"lazy\" decoding=\"async\" width=\"1024\" height=\"163\" src=\"https:\/\/www.educacionmediatica.es\/wp-content\/uploads\/2022\/08\/Logos-1-1024x163.png\" alt=\"\" class=\"wp-image-584\" srcset=\"https:\/\/www.educacionmediatica.es\/wp-content\/uploads\/2022\/08\/Logos-1-1024x163.png 1024w, https:\/\/www.educacionmediatica.es\/wp-content\/uploads\/2022\/08\/Logos-1-300x48.png 300w, https:\/\/www.educacionmediatica.es\/wp-content\/uploads\/2022\/08\/Logos-1-768x122.png 768w, https:\/\/www.educacionmediatica.es\/wp-content\/uploads\/2022\/08\/Logos-1.png 1164w\" sizes=\"auto, (max-width: 1024px) 100vw, 1024px\" \/><\/figure>\n","protected":false},"excerpt":{"rendered":"<p>El congreso est\u00e1 abierto a todos los interesados que deseen participar simplemente para conocer las aportaciones de sus colegas, pero animamos a todos a presentar sus propuestas, comunicaciones, experiencias, etc. Pretendemos crear un espacio (online y en Segovia) de discusi\u00f3n de ideas, planes y propuestas concretas de integraci\u00f3n curricular de la educaci\u00f3n medi\u00e1tica: Adem\u00e1s de [&hellip;]<\/p>\n","protected":false},"author":6,"featured_media":0,"parent":0,"menu_order":0,"comment_status":"closed","ping_status":"closed","template":"","meta":{"footnotes":""},"class_list":["post-547","page","type-page","status-publish","hentry"],"_links":{"self":[{"href":"https:\/\/www.educacionmediatica.es\/index.php\/wp-json\/wp\/v2\/pages\/547","targetHints":{"allow":["GET"]}}],"collection":[{"href":"https:\/\/www.educacionmediatica.es\/index.php\/wp-json\/wp\/v2\/pages"}],"about":[{"href":"https:\/\/www.educacionmediatica.es\/index.php\/wp-json\/wp\/v2\/types\/page"}],"author":[{"embeddable":true,"href":"https:\/\/www.educacionmediatica.es\/index.php\/wp-json\/wp\/v2\/users\/6"}],"replies":[{"embeddable":true,"href":"https:\/\/www.educacionmediatica.es\/index.php\/wp-json\/wp\/v2\/comments?post=547"}],"version-history":[{"count":23,"href":"https:\/\/www.educacionmediatica.es\/index.php\/wp-json\/wp\/v2\/pages\/547\/revisions"}],"predecessor-version":[{"id":53043,"href":"https:\/\/www.educacionmediatica.es\/index.php\/wp-json\/wp\/v2\/pages\/547\/revisions\/53043"}],"wp:attachment":[{"href":"https:\/\/www.educacionmediatica.es\/index.php\/wp-json\/wp\/v2\/media?parent=547"}],"curies":[{"name":"wp","href":"https:\/\/api.w.org\/{rel}","templated":true}]}}