{"id":599,"date":"2022-09-17T08:38:04","date_gmt":"2022-09-17T08:38:04","guid":{"rendered":"https:\/\/www.educacionmediatica.es\/?page_id=599"},"modified":"2022-09-17T09:05:07","modified_gmt":"2022-09-17T09:05:07","slug":"599-2","status":"publish","type":"page","link":"https:\/\/www.educacionmediatica.es\/index.php\/599-2\/","title":{"rendered":"C\u00e1tedra"},"content":{"rendered":"\n<figure class=\"wp-block-image size-full\"><img loading=\"lazy\" decoding=\"async\" width=\"753\" height=\"261\" src=\"https:\/\/www.educacionmediatica.es\/wp-content\/uploads\/2022\/09\/Logo.png\" alt=\"\" class=\"wp-image-600\" srcset=\"https:\/\/www.educacionmediatica.es\/wp-content\/uploads\/2022\/09\/Logo.png 753w, https:\/\/www.educacionmediatica.es\/wp-content\/uploads\/2022\/09\/Logo-300x104.png 300w\" sizes=\"auto, (max-width: 753px) 100vw, 753px\" \/><\/figure>\n\n\n\n<p>Tecnolog\u00edas disruptivas como Internet o la realidad Virtual suponen cambios profundos en nuestro modo de vida. Cambian la forma en que nos comunicamos, nos informamos, trabajamos, nos comportamos y pensamos. Del mismo modo, la educomunicaci\u00f3n que proponemos, cada vez m\u00e1s imprescindible en nuestros sistemas educativos, debe romper con la ense\u00f1anza tradicional; debe ofrecer alternativas innovadoras a la ense\u00f1anza &nbsp;transmisiva y unidireccional centrada exclusivamente en los contenidos que sigue predominando en nuestras aulas.<\/p>\n\n\n\n<p>El Campus Mar\u00eda Zambrano de la Universidad de Valladolid en Segovia viene trabajando en los \u00e1mbitos de la Educaci\u00f3n en Competencia Medi\u00e1tica y Digital desde hace ya varias d\u00e9cadas, y entre su profesorado figuran algunos de los pioneros de la educaci\u00f3n medi\u00e1tica en nuestro pa\u00eds. Adem\u00e1s, en el Campus existen las tres \u00e1reas de conocimiento que se dan cita en este \u00e1mbito: La Educaci\u00f3n, la Comunicaci\u00f3n y la Inform\u00e1tica. <\/p>\n\n\n\n<p>Entre los objetivos de la c\u00e1tedra contemplamos la investigaci\u00f3n de nuevos formatos y productos multimedia en la formaci\u00f3n de nuestros universitarios; para la actualizaci\u00f3n cient\u00edfica y pedag\u00f3gica del profesorado, y para la producci\u00f3n de materiales educativos.<\/p>\n\n\n\n<p>A la universidad, y a esta c\u00e1tedra, nos corresponde la capacitaci\u00f3n profesional de quienes deber\u00e1n dirigir la innovaci\u00f3n tecnol\u00f3gica hacia el progreso social.<\/p>\n\n\n\n<p>En una sociedad en la que el continuo cambio es una de las pocas constantes, no ser\u00e1 suficiente con estudiar el pasado y conocer el presente, sino que preparar el futuro les ser\u00e1 necesario a los comunicadores, educadores e inform\u00e1ticos para contribuir a la creaci\u00f3n de una sociedad m\u00e1s justa en los mundos reales y virtuales en los que nos toque convivir.<\/p>\n","protected":false},"excerpt":{"rendered":"<p>Tecnolog\u00edas disruptivas como Internet o la realidad Virtual suponen cambios profundos en nuestro modo de vida. Cambian la forma en que nos comunicamos, nos informamos, trabajamos, nos comportamos y pensamos. Del mismo modo, la educomunicaci\u00f3n que proponemos, cada vez m\u00e1s imprescindible en nuestros sistemas educativos, debe romper con la ense\u00f1anza tradicional; debe ofrecer alternativas innovadoras [&hellip;]<\/p>\n","protected":false},"author":6,"featured_media":0,"parent":0,"menu_order":0,"comment_status":"closed","ping_status":"closed","template":"","meta":{"footnotes":""},"class_list":["post-599","page","type-page","status-publish","hentry"],"_links":{"self":[{"href":"https:\/\/www.educacionmediatica.es\/index.php\/wp-json\/wp\/v2\/pages\/599","targetHints":{"allow":["GET"]}}],"collection":[{"href":"https:\/\/www.educacionmediatica.es\/index.php\/wp-json\/wp\/v2\/pages"}],"about":[{"href":"https:\/\/www.educacionmediatica.es\/index.php\/wp-json\/wp\/v2\/types\/page"}],"author":[{"embeddable":true,"href":"https:\/\/www.educacionmediatica.es\/index.php\/wp-json\/wp\/v2\/users\/6"}],"replies":[{"embeddable":true,"href":"https:\/\/www.educacionmediatica.es\/index.php\/wp-json\/wp\/v2\/comments?post=599"}],"version-history":[{"count":8,"href":"https:\/\/www.educacionmediatica.es\/index.php\/wp-json\/wp\/v2\/pages\/599\/revisions"}],"predecessor-version":[{"id":611,"href":"https:\/\/www.educacionmediatica.es\/index.php\/wp-json\/wp\/v2\/pages\/599\/revisions\/611"}],"wp:attachment":[{"href":"https:\/\/www.educacionmediatica.es\/index.php\/wp-json\/wp\/v2\/media?parent=599"}],"curies":[{"name":"wp","href":"https:\/\/api.w.org\/{rel}","templated":true}]}}