{"id":629,"date":"2022-10-04T10:11:42","date_gmt":"2022-10-04T10:11:42","guid":{"rendered":"https:\/\/www.educacionmediatica.es\/?page_id=629"},"modified":"2023-03-26T09:35:48","modified_gmt":"2023-03-26T09:35:48","slug":"programa","status":"publish","type":"page","link":"https:\/\/www.educacionmediatica.es\/index.php\/programa\/","title":{"rendered":"Programa"},"content":{"rendered":"\n<p class=\"has-text-align-center\"><\/p>\n\n\n\n<p class=\"has-text-align-center\"><strong>(El programa lo hacemos todos)<\/strong><\/p>\n\n\n\n<figure class=\"wp-block-embed is-type-video is-provider-youtube wp-block-embed-youtube wp-embed-aspect-4-3 wp-has-aspect-ratio\"><div class=\"wp-block-embed__wrapper\">\n<iframe loading=\"lazy\" title=\"Te esperamos\" width=\"580\" height=\"435\" src=\"https:\/\/www.youtube.com\/embed\/OPanOOtotVk?feature=oembed\" frameborder=\"0\" allow=\"accelerometer; autoplay; clipboard-write; encrypted-media; gyroscope; picture-in-picture; web-share\" referrerpolicy=\"strict-origin-when-cross-origin\" allowfullscreen><\/iframe>\n<\/div><\/figure>\n\n\n\n<p>El intercambio de ideas, propuestas, experiencias, planes, materiales, etc. sobre la educaci\u00f3n medi\u00e1tica y la competencia digital es el objetivo principal de este encuentro. <\/p>\n\n\n\n<p>Este intercambio <strong>comienza el 13 de marzo <\/strong>de marzo de forma virtual al compartir nuestras colaboraciones y opiniones en <a rel=\"noreferrer noopener\" href=\"https:\/\/extension.campusvirtual.uva.es\/local\/appcrue\/autologin.php?pattern=course&amp;course=9393&amp;fallback=continue\" target=\"_blank\">esta plataforma<\/a> <\/p>\n\n\n\n<p>y culmina el <strong>30 y 31 de marzo de forma presencial en Segovia<\/strong>, con <strong>este programa:<\/strong><\/p>\n\n\n\n<div data-wp-interactive=\"core\/file\" class=\"wp-block-file\"><object data-wp-bind--hidden=\"!state.hasPdfPreview\" hidden class=\"wp-block-file__embed\" data=\"https:\/\/www.educacionmediatica.es\/wp-content\/uploads\/2023\/03\/PROGRAMA-con-enlaces-a-las-APORTACIONES.pdf\" type=\"application\/pdf\" style=\"width:100%;height:600px\" aria-label=\"Incrustado de PROGRAMA-con-enlaces-a-las-APORTACIONES.\"><\/object><a id=\"wp-block-file--media-ef6c5a4e-f4eb-4789-8d14-e2c83b2bfc07\" href=\"https:\/\/www.educacionmediatica.es\/wp-content\/uploads\/2023\/03\/PROGRAMA-con-enlaces-a-las-APORTACIONES.pdf\">PROGRAMA-con-enlaces-a-las-APORTACIONES<\/a><a href=\"https:\/\/www.educacionmediatica.es\/wp-content\/uploads\/2023\/03\/PROGRAMA-con-enlaces-a-las-APORTACIONES.pdf\" class=\"wp-block-file__button wp-element-button\" download aria-describedby=\"wp-block-file--media-ef6c5a4e-f4eb-4789-8d14-e2c83b2bfc07\">Descarga<\/a><\/div>\n\n\n\n<p><\/p>\n\n\n\n<p>En la fase virtual la participaci\u00f3n en las distintas secciones de la <a rel=\"noreferrer noopener\" href=\"https:\/\/extension.campusvirtual.uva.es\/local\/appcrue\/autologin.php?pattern=course&amp;course=9393&amp;fallback=continue\" target=\"_blank\">Plataforma del Congreso<\/a>, se har\u00e1 a partir del 13 de marzo a trav\u00e9s de los foros habilitados para ello, y de las formas que los coordinadores acurden con los participantes. <\/p>\n\n\n\n<p>Las sesiones plenarias del encuentro presencial ser\u00e1n di\u00e1logos de expertos para discutir entre ellos y con la audiencia su experiencia y propuestas que ya se habr\u00e1n divulgado semanas antes en la <a rel=\"noreferrer noopener\" href=\"https:\/\/extension.campusvirtual.uva.es\/local\/appcrue\/autologin.php?pattern=course&amp;course=9393&amp;fallback=continue\" target=\"_blank\">Plataforma del Congreso<\/a>, donde no hay l\u00edmite de tiempo ni de espacio, como s\u00ed tenemos esos dos d\u00edas en Segovia.<\/p>\n\n\n\n<p>&nbsp;Las contribuciones de todos los congresistas (ponencias, comunicaciones, talleres, simposios, etc.) <strong>estar\u00e1n disponible en <a href=\"https:\/\/extension.campusvirtual.uva.es\/local\/appcrue\/autologin.php?pattern=course&amp;course=9393&amp;fallback=continue\" target=\"_blank\" rel=\"noreferrer noopener\">esta Plataforma<\/a> a partir del 13 de marzo. <\/strong>All\u00ed podr\u00e1n <strong>presentarlas, consultarlas y discutirlas todos los matriculados<\/strong> con el objeto de llegar a Segovia con un mayor conocimiento de los contenidos que se van a tratar y de las personas que lo presentan. <\/p>\n\n\n<div class=\"wp-block-image\">\n<figure class=\"aligncenter size-full is-resized\"><a href=\"https:\/\/funge.uva.es\/area-formacion\/educacion-mediatica-y-competencia-digital\/\" target=\"_blank\" rel=\"noreferrer noopener\"><img loading=\"lazy\" decoding=\"async\" src=\"https:\/\/www.educacionmediatica.es\/wp-content\/uploads\/2022\/12\/inscripcion2.png\" alt=\"\" class=\"wp-image-704\" width=\"299\" height=\"277\" srcset=\"https:\/\/www.educacionmediatica.es\/wp-content\/uploads\/2022\/12\/inscripcion2.png 585w, https:\/\/www.educacionmediatica.es\/wp-content\/uploads\/2022\/12\/inscripcion2-300x279.png 300w\" sizes=\"auto, (max-width: 299px) 100vw, 299px\" \/><\/a><\/figure><\/div>","protected":false},"excerpt":{"rendered":"<p>(El programa lo hacemos todos) El intercambio de ideas, propuestas, experiencias, planes, materiales, etc. sobre la educaci\u00f3n medi\u00e1tica y la competencia digital es el objetivo principal de este encuentro. Este intercambio comienza el 13 de marzo de marzo de forma virtual al compartir nuestras colaboraciones y opiniones en esta plataforma y culmina el 30 y [&hellip;]<\/p>\n","protected":false},"author":2,"featured_media":0,"parent":0,"menu_order":0,"comment_status":"closed","ping_status":"closed","template":"","meta":{"footnotes":""},"class_list":["post-629","page","type-page","status-publish","hentry"],"_links":{"self":[{"href":"https:\/\/www.educacionmediatica.es\/index.php\/wp-json\/wp\/v2\/pages\/629","targetHints":{"allow":["GET"]}}],"collection":[{"href":"https:\/\/www.educacionmediatica.es\/index.php\/wp-json\/wp\/v2\/pages"}],"about":[{"href":"https:\/\/www.educacionmediatica.es\/index.php\/wp-json\/wp\/v2\/types\/page"}],"author":[{"embeddable":true,"href":"https:\/\/www.educacionmediatica.es\/index.php\/wp-json\/wp\/v2\/users\/2"}],"replies":[{"embeddable":true,"href":"https:\/\/www.educacionmediatica.es\/index.php\/wp-json\/wp\/v2\/comments?post=629"}],"version-history":[{"count":19,"href":"https:\/\/www.educacionmediatica.es\/index.php\/wp-json\/wp\/v2\/pages\/629\/revisions"}],"predecessor-version":[{"id":813,"href":"https:\/\/www.educacionmediatica.es\/index.php\/wp-json\/wp\/v2\/pages\/629\/revisions\/813"}],"wp:attachment":[{"href":"https:\/\/www.educacionmediatica.es\/index.php\/wp-json\/wp\/v2\/media?parent=629"}],"curies":[{"name":"wp","href":"https:\/\/api.w.org\/{rel}","templated":true}]}}