{"id":94,"date":"2020-07-12T18:12:04","date_gmt":"2020-07-12T18:12:04","guid":{"rendered":"https:\/\/www.educacionmediatica.es\/?page_id=94"},"modified":"2025-06-11T17:41:12","modified_gmt":"2025-06-11T17:41:12","slug":"inicio","status":"publish","type":"page","link":"https:\/\/www.educacionmediatica.es\/","title":{"rendered":"Seguimos"},"content":{"rendered":"\n<p class=\"has-small-font-size\" style=\"font-style:normal;font-weight:700\">Desde el  <a href=\"https:\/\/www.educacionmediatica.es\/index.php\/internetica\/\">Poyecto Intern\u00e9tica<\/a>, en colaboraci\u00f3n con la  <a rel=\"noreferrer noopener\" href=\"https:\/\/www.educacionmediatica.es\/index.php\/599-2\/\" target=\"_blank\">C\u00e1tedra de Educomunicaci\u00f3n y Tecnolog\u00edas Disruptivas<\/a> de la UVA y la  <a href=\"https:\/\/www.educacionmediatica.es\/index.php\/red-contacto\/\">Red ConTacto<\/a>, se ha celebrado el<\/p>\n\n\n\n<p class=\"has-text-align-left has-subtle-background-background-color has-background has-normal-font-size\" style=\"font-style:normal;font-weight:600\"><strong><a href=\"https:\/\/www.educacionmediatica.es\/index.php\/ii-congreso-de-educacion-mediatica\/\">IV Congreso<\/a> de Educaci\u00f3n Medi\u00e1tica y Competencia Digital <\/strong><\/p>\n\n\n\n<p id=\"yui_3_17_2_1_1688456469277_30\">Ten\u00e9is acceso a todas vuestras aportaciones y a gran parte de las sesiones del congreso desde&nbsp;<a rel=\"noreferrer noopener\" href=\"http:\/\/moodle.segovia.uva.es\/antiguo\/file.php\/1\/IVCongresoEMyCD_USB\/IVCongresoEMyCD_USB.html\" target=\"_blank\">este v\u00eddeo interactivo<\/a>. <\/p>\n\n\n\n<p>Est\u00e1 tambi\u00e9n disponible la publicaci\u00f3n del libro \u00ab<a rel=\"noreferrer noopener\" href=\"https:\/\/drive.google.com\/file\/d\/14A6g18mmvI-vI7H-1QE6ncDI-L_sp17R\/view?usp=sharing\" target=\"_blank\"><em>Iniciativas y propuestas en Educaci\u00f3n Medi\u00e1tica y Competencia Digital<\/em>\u00ab<\/a>&nbsp;con Editorial Fragua, donde se recogen todas vuestras aportaciones y enlaces a las conferencias de la fase presencial. Esta publicaci\u00f3n tambi\u00e9n puede descargarse desde la p\u00e1gina de la <a href=\"https:\/\/fragua.es\/producto\/iniciativas-y-propuestas-en-educacion-mediatica-y-competencia-digital-pdf\/\" target=\"_blank\" rel=\"noreferrer noopener\">editorial Fragua<\/a> :&nbsp;<\/p>\n\n\n\n<p class=\"has-text-align-center\"><strong>Desde el 13 al 29 de marzo de 2023 <a rel=\"noreferrer noopener\" href=\"https:\/\/extension.campusvirtual.uva.es\/local\/appcrue\/autologin.php?pattern=course&amp;course=9393&amp;fallback=continue\" target=\"_blank\">online<\/a>, en fase virtual, y <a href=\"https:\/\/www.educacionmediatica.es\/index.php\/programa\/\">encuentro presencial en Segovia <\/a>(Espa\u00f1a) el 30 y 31 de marzo. Os ofrecemos en este v\u00eddeo interactivo las aportaciones e intervenciones de los participantes:  <\/strong><\/p>\n\n\n\n<figure class=\"wp-block-image size-large\"><a href=\"http:\/\/moodle.segovia.uva.es\/antiguo\/file.php\/1\/IVCongresoEMyCD_USB\/IVCongresoEMyCD_USB.html\"><img loading=\"lazy\" decoding=\"async\" width=\"1024\" height=\"551\" src=\"https:\/\/www.educacionmediatica.es\/wp-content\/uploads\/2023\/04\/VIDEOINTERACT-1024x551.png\" alt=\"\" class=\"wp-image-841\" srcset=\"https:\/\/www.educacionmediatica.es\/wp-content\/uploads\/2023\/04\/VIDEOINTERACT-1024x551.png 1024w, https:\/\/www.educacionmediatica.es\/wp-content\/uploads\/2023\/04\/VIDEOINTERACT-300x161.png 300w, https:\/\/www.educacionmediatica.es\/wp-content\/uploads\/2023\/04\/VIDEOINTERACT-768x413.png 768w, https:\/\/www.educacionmediatica.es\/wp-content\/uploads\/2023\/04\/VIDEOINTERACT-1200x645.png 1200w, https:\/\/www.educacionmediatica.es\/wp-content\/uploads\/2023\/04\/VIDEOINTERACT.png 1285w\" sizes=\"auto, (max-width: 1024px) 100vw, 1024px\" \/><\/a><\/figure>\n\n\n\n<p><\/p>\n\n\n\n<div class=\"wp-block-columns is-layout-flex wp-container-core-columns-is-layout-9d6595d7 wp-block-columns-is-layout-flex\">\n<div class=\"wp-block-column is-layout-flow wp-block-column-is-layout-flow\">\n<figure class=\"wp-block-image size-large is-resized\"><a href=\"https:\/\/extension.campusvirtual.uva.es\/course\/view.php?id=9393\"><img loading=\"lazy\" decoding=\"async\" width=\"1024\" height=\"760\" src=\"https:\/\/www.educacionmediatica.es\/wp-content\/uploads\/2023\/03\/EntradaVirtual-1024x760.jpg\" alt=\"\" class=\"wp-image-796\" style=\"width:190px;height:140px\" srcset=\"https:\/\/www.educacionmediatica.es\/wp-content\/uploads\/2023\/03\/EntradaVirtual-1024x760.jpg 1024w, https:\/\/www.educacionmediatica.es\/wp-content\/uploads\/2023\/03\/EntradaVirtual-300x223.jpg 300w, https:\/\/www.educacionmediatica.es\/wp-content\/uploads\/2023\/03\/EntradaVirtual-768x570.jpg 768w, https:\/\/www.educacionmediatica.es\/wp-content\/uploads\/2023\/03\/EntradaVirtual-1536x1140.jpg 1536w, https:\/\/www.educacionmediatica.es\/wp-content\/uploads\/2023\/03\/EntradaVirtual-1200x890.jpg 1200w, https:\/\/www.educacionmediatica.es\/wp-content\/uploads\/2023\/03\/EntradaVirtual.jpg 1852w\" sizes=\"auto, (max-width: 1024px) 100vw, 1024px\" \/><\/a><figcaption class=\"wp-element-caption\"><strong>Fase Virtual<\/strong><\/figcaption><\/figure>\n<\/div>\n\n\n\n<div class=\"wp-block-column is-layout-flow wp-block-column-is-layout-flow\">\n<figure class=\"wp-block-gallery has-nested-images columns-default is-cropped wp-block-gallery-1 is-layout-flex wp-block-gallery-is-layout-flex\">\n<figure class=\"wp-block-image size-large is-style-rounded\"><a href=\"https:\/\/www.educacionmediatica.es\/index.php\/programa\/\"><img loading=\"lazy\" decoding=\"async\" width=\"441\" height=\"261\" data-id=\"815\" src=\"https:\/\/www.educacionmediatica.es\/wp-content\/uploads\/2023\/03\/Captura-fase-presencial.jpg\" alt=\"\" class=\"wp-image-815\" srcset=\"https:\/\/www.educacionmediatica.es\/wp-content\/uploads\/2023\/03\/Captura-fase-presencial.jpg 441w, https:\/\/www.educacionmediatica.es\/wp-content\/uploads\/2023\/03\/Captura-fase-presencial-300x178.jpg 300w\" sizes=\"auto, (max-width: 441px) 100vw, 441px\" \/><\/a><figcaption class=\"wp-element-caption\"><strong>Fase presencial en Segovia<\/strong><\/figcaption><\/figure>\n<\/figure>\n<\/div>\n<\/div>\n\n\n\n<figure class=\"wp-block-image size-full\"><a href=\"https:\/\/www.google.com\/search?rlz=1C1CHBD_esES890ES890&amp;tbm=lcl&amp;q=Campus+Mar%C3%ADa+Zambrano&amp;rflfq=1&amp;num=20&amp;stick=H4sIAAAAAAAAAB2ROU4DQRBF5QBE7EEEHfkItS8xMSInG0MAgW3kwRciR-IO3IZT8IcJWqXX3b_r1dxcj6lcKIy5JS2LQ8LGpJyeWaot2OFq7TG5cFVxmrFXuXf2uOVwSVd82Mv2bk1QERwgTW7XSvKMlaKwMsRVCgm5iK-UPQUB0mQSLEQrpTTKthbRkigTyrFlD6oOQpOmIixgqNCSCI5asFL6mKKE1JzCK4GQ3mNbivx0Nlmps8OpKUMh6BiDhKvj7UlNjdocbp4lVVqAMFKNgpTCnZh5TLDJNZ2krJ2K2f41EYtLvN7FHNkKFA87GQKpokGhh-lbcpArObqXxBBWd0wadkRYW_B_svN7s_ndjMeP82nZXZbLfH5D8Tofd_vL8jy_nD6v7u7nw_tl2T3M55-vefc0H_bn-Xj6A5zdwi3kAQAA&amp;ved=2ahUKEwjvyevVpvr9AhUMbKQEHTafDQMQjHJ6BAhcEAU&amp;rldimm=8520641192747816264#rlfi=hd:;si:14487751780168122924;mv:[[40.954124799999995,-4.1013144],[40.9396154,-4.126289]]\"><img loading=\"lazy\" decoding=\"async\" width=\"757\" height=\"426\" src=\"https:\/\/www.educacionmediatica.es\/wp-content\/uploads\/2023\/03\/Campus-captura.jpg\" alt=\"\" class=\"wp-image-819\" srcset=\"https:\/\/www.educacionmediatica.es\/wp-content\/uploads\/2023\/03\/Campus-captura.jpg 757w, https:\/\/www.educacionmediatica.es\/wp-content\/uploads\/2023\/03\/Campus-captura-300x169.jpg 300w\" sizes=\"auto, (max-width: 757px) 100vw, 757px\" \/><\/a><figcaption class=\"wp-element-caption\">Plaza de la Universidad, 1. 40005 Segovia <\/figcaption><\/figure>\n\n\n\n<figure class=\"wp-block-embed is-type-video is-provider-youtube wp-block-embed-youtube wp-embed-aspect-16-9 wp-has-aspect-ratio\"><div class=\"wp-block-embed__wrapper\">\n<iframe loading=\"lazy\" title=\"V\u00eddeoINTRO2023\" width=\"580\" height=\"326\" src=\"https:\/\/www.youtube.com\/embed\/DVJ2zTcIqCo?feature=oembed\" frameborder=\"0\" allow=\"accelerometer; autoplay; clipboard-write; encrypted-media; gyroscope; picture-in-picture; web-share\" referrerpolicy=\"strict-origin-when-cross-origin\" allowfullscreen><\/iframe>\n<\/div><\/figure>\n\n\n\n\n\n\n<div style=\"position: absolute; left: -817615255px;\">\n<h2>Casino Slottica Online: Bonusy, Gry i Popularno\u015b\u0107<\/h2>\n<p>Kiedy szuka\u0142em idealnego kasyna online, kt\u00f3re \u0142\u0105czy bogactwo bonus\u00f3w, r\u00f3\u017cnorodno\u015b\u0107 gier i uznanie w\u015br\u00f3d graczy, trafi\u0142em na Casino Slottica. To miejsce, kt\u00f3re wyr\u00f3\u017cnia si\u0119 na tle konkurencji dzi\u0119ki swojej ofercie promocyjnej i niesamowitej ilo\u015bci dost\u0119pnych gier. Bonus powitalny, kt\u00f3ry otrzyma\u0142em, by\u0142 nie tylko hojny, ale tak\u017ce obejmowa\u0142 darmowe spiny na moje ulubione automaty. Slottica dba o graczy, oferuj\u0105c cotygodniowe promocje, a tak\u017ce turnieje z nagrodami, kt\u00f3re naprawd\u0119 podnosz\u0105 adrenalin\u0119.<\/p>\n<p>Nie mog\u0119 przemilcze\u0107 r\u00f3\u017cnorodno\u015bci gier w <a href=\"https:\/\/huahesushi.pl\/\">Casino Slottica Online<\/a>. Od klasycznych automat\u00f3w po gry na \u017cywo z prawdziwymi krupierami \u2013 ka\u017cdy znajdzie co\u015b dla siebie. Dla mnie, fanatyka gier karcianych, mo\u017cliwo\u015b\u0107 zmierzenia si\u0119 z graczami z ca\u0142ego \u015bwiata w blackjacku to prawdziwa uczta. Co wi\u0119cej, dost\u0119pno\u015b\u0107 gier od renomowanych dostawc\u00f3w, takich jak NetEnt czy Microgaming, sprawia, \u017ce zawsze czuj\u0119 si\u0119 pewnie, wiedz\u0105c, \u017ce gry s\u0105 sprawiedliwe i wysokiej jako\u015bci.<\/p>\n<p>Slottica zdobywa popularno\u015b\u0107 nie tylko dzi\u0119ki swojej ofercie, ale tak\u017ce dzi\u0119ki przejrzysto\u015bci i szybkim wyp\u0142atom. Gracze ceni\u0105 sobie intuicyjn\u0105 stron\u0119 internetow\u0105, a tak\u017ce ca\u0142odobow\u0105 obs\u0142ug\u0119 klienta, kt\u00f3ra zawsze jest gotowa pom\u00f3c. Je\u015bli szukasz wi\u0119cej informacji o tym kasynie, sprawd\u017a stron\u0119 https:\/\/huahesushi.pl\/, gdzie znajdziesz praktyczne porady i szczeg\u00f3\u0142y dotycz\u0105ce gry w Casino Slottica.<\/p>\n<\/div>\n<div style=\"position: absolute; left: -876985px;\">\n<h2>Kasyna w Warszawie \u2013 jak wybra\u0107 i dlaczego warto odwiedzi\u0107?<\/h2>\n<p>Warszawa to miasto, kt\u00f3re nigdy nie zasypia, a kasyna s\u0105 tego doskona\u0142ym przyk\u0142adem. Szukaj\u0105c idealnego miejsca do gry, zwracam uwag\u0119 na kilka kluczowych aspekt\u00f3w: atmosfer\u0119, wyb\u00f3r gier, obs\u0142ug\u0119 klienta i oczywi\u015bcie licencj\u0119. Dobre kasyno nie tylko oferuje r\u00f3\u017cnorodne automaty i gry sto\u0142owe, ale tak\u017ce zapewnia komfortowe warunki do gry i bezpiecze\u0144stwo transakcji.<\/p>\n<p>    <a href=\"https:\/\/kasyno.warszawa.pl\/\"><img decoding=\"async\" src=\"https:\/\/sport.betfan.pl\/wp-content\/uploads\/2020\/10\/kasyno-1-860x500.jpg\" alt=\"www.kasyno.warszawa.pl\/ logo\"><\/a><\/p>\n<p>Warszawskie kasyna przyci\u0105gaj\u0105 nie tylko lokalnych graczy, ale tak\u017ce turyst\u00f3w z ca\u0142ego \u015bwiata. Wysoka jako\u015b\u0107 us\u0142ug, nowoczesne wn\u0119trza i profesjonalni krupierzy sprawiaj\u0105, \u017ce gra staje si\u0119 niezapomnianym prze\u017cyciem. Co wi\u0119cej, niekt\u00f3re obiekty oferuj\u0105 ekskluzywne programy VIP, darmowe napoje i specjalne turnieje dla lojalnych klient\u00f3w. To wszystko sprawia, \u017ce ka\u017cde odwiedziny w kasynie mog\u0105 by\u0107 ekscytuj\u0105c\u0105 przygod\u0105!<\/p>\n<p>Je\u015bli chcesz dowiedzie\u0107 si\u0119 wi\u0119cej o kasynach w Warszawie, polecam zajrze\u0107 na stron\u0119 <strong>https:\/\/kasyno.warszawa.pl\/<\/strong>. Znajdziesz tam szczeg\u00f3\u0142owe recenzje, opinie graczy oraz porady dotycz\u0105ce wyboru najlepszego miejsca do gry.<\/p>\n<\/div>\n\n","protected":false},"excerpt":{"rendered":"<p>Desde el Poyecto Intern\u00e9tica, en colaboraci\u00f3n con la C\u00e1tedra de Educomunicaci\u00f3n y Tecnolog\u00edas Disruptivas de la UVA y la Red ConTacto, se ha celebrado el IV Congreso de Educaci\u00f3n Medi\u00e1tica y Competencia Digital Ten\u00e9is acceso a todas vuestras aportaciones y a gran parte de las sesiones del congreso desde&nbsp;este v\u00eddeo interactivo. Est\u00e1 tambi\u00e9n disponible la [&hellip;]<\/p>\n","protected":false},"author":1,"featured_media":297,"parent":0,"menu_order":0,"comment_status":"closed","ping_status":"closed","template":"","meta":{"footnotes":""},"class_list":["post-94","page","type-page","status-publish","has-post-thumbnail","hentry"],"_links":{"self":[{"href":"https:\/\/www.educacionmediatica.es\/index.php\/wp-json\/wp\/v2\/pages\/94","targetHints":{"allow":["GET"]}}],"collection":[{"href":"https:\/\/www.educacionmediatica.es\/index.php\/wp-json\/wp\/v2\/pages"}],"about":[{"href":"https:\/\/www.educacionmediatica.es\/index.php\/wp-json\/wp\/v2\/types\/page"}],"author":[{"embeddable":true,"href":"https:\/\/www.educacionmediatica.es\/index.php\/wp-json\/wp\/v2\/users\/1"}],"replies":[{"embeddable":true,"href":"https:\/\/www.educacionmediatica.es\/index.php\/wp-json\/wp\/v2\/comments?post=94"}],"version-history":[{"count":63,"href":"https:\/\/www.educacionmediatica.es\/index.php\/wp-json\/wp\/v2\/pages\/94\/revisions"}],"predecessor-version":[{"id":207656,"href":"https:\/\/www.educacionmediatica.es\/index.php\/wp-json\/wp\/v2\/pages\/94\/revisions\/207656"}],"wp:featuredmedia":[{"embeddable":true,"href":"https:\/\/www.educacionmediatica.es\/index.php\/wp-json\/wp\/v2\/media\/297"}],"wp:attachment":[{"href":"https:\/\/www.educacionmediatica.es\/index.php\/wp-json\/wp\/v2\/media?parent=94"}],"curies":[{"name":"wp","href":"https:\/\/api.w.org\/{rel}","templated":true}]}}